{"version":"1.0","provider_name":"Col\u00e9gio Salvatoriano Padre Jordan","provider_url":"https:\/\/www.redesalvatoriana.org.br\/padrejordan\/blog","author_name":"Col\u00e9gio Salvatoriano Padre Jordan","author_url":"https:\/\/www.redesalvatoriana.org.br\/padrejordan\/blog\/author\/padre-jordan\/","title":"Missa pelas M\u00e3es - Col\u00e9gio Salvatoriano Padre Jordan","type":"rich","width":600,"height":338,"html":"<blockquote class=\"wp-embedded-content\" data-secret=\"wQGibgrfjp\"><a href=\"https:\/\/www.redesalvatoriana.org.br\/padrejordan\/blog\/2022\/05\/04\/missa-pelas-maes\/\">Missa pelas M\u00e3es<\/a><\/blockquote><iframe sandbox=\"allow-scripts\" security=\"restricted\" src=\"https:\/\/www.redesalvatoriana.org.br\/padrejordan\/blog\/2022\/05\/04\/missa-pelas-maes\/embed\/#?secret=wQGibgrfjp\" width=\"600\" height=\"338\" title=\"&#8220;Missa pelas M\u00e3es&#8221; &#8212; Col\u00e9gio Salvatoriano Padre Jordan\" data-secret=\"wQGibgrfjp\" frameborder=\"0\" marginwidth=\"0\" marginheight=\"0\" scrolling=\"no\" class=\"wp-embedded-content\"><\/iframe><script type=\"text\/javascript\">\n\/*! This file is auto-generated *\/\n!function(c,l){\"use strict\";var e=!1,o=!1;if(l.querySelector)if(c.addEventListener)e=!0;if(c.wp=c.wp||{},c.wp.receiveEmbedMessage);else if(c.wp.receiveEmbedMessage=function(e){var t=e.data;if(!t);else if(!(t.secret||t.message||t.value));else if(\/[^a-zA-Z0-9]\/.test(t.secret));else{for(var r,s,a,i=l.querySelectorAll('iframe[data-secret=\"'+t.secret+'\"]'),n=l.querySelectorAll('blockquote[data-secret=\"'+t.secret+'\"]'),o=0;o<n.length;o++)n[o].style.display=\"none\";for(o=0;o<i.length;o++)if(r=i[o],e.source!==r.contentWindow);else{if(r.removeAttribute(\"style\"),\"height\"===t.message){if(1e3<(s=parseInt(t.value,10)))s=1e3;else if(~~s<200)s=200;r.height=s}if(\"link\"===t.message)if(s=l.createElement(\"a\"),a=l.createElement(\"a\"),s.href=r.getAttribute(\"src\"),a.href=t.value,a.host===s.host)if(l.activeElement===r)c.top.location.href=t.value}}},e)c.addEventListener(\"message\",c.wp.receiveEmbedMessage,!1),l.addEventListener(\"DOMContentLoaded\",t,!1),c.addEventListener(\"load\",t,!1);function t(){if(o);else{o=!0;for(var e,t,r,s=-1!==navigator.appVersion.indexOf(\"MSIE 10\"),a=!!navigator.userAgent.match(\/Trident.*rv:11\\.\/),i=l.querySelectorAll(\"iframe.wp-embedded-content\"),n=0;n<i.length;n++){if(!(r=(t=i[n]).getAttribute(\"data-secret\")))r=Math.random().toString(36).substr(2,10),t.src+=\"#?secret=\"+r,t.setAttribute(\"data-secret\",r);if(s||a)(e=t.cloneNode(!0)).removeAttribute(\"security\"),t.parentNode.replaceChild(e,t);t.contentWindow.postMessage({message:\"ready\",secret:r},\"*\")}}}}(window,document);\n<\/script>\n","thumbnail_url":"https:\/\/www.redesalvatoriana.org.br\/padrejordan\/blog\/wp-content\/uploads\/2022\/05\/IMG_1629.jpg","thumbnail_width":2048,"thumbnail_height":1365,"description":"As comunidades educativas dos Col\u00e9gios Salvatorianos Nossa Senhora de F\u00e1tima e Padre Jordan estiveram expressivamente reunidas no dia de ontem, 03 de maio, na Par\u00f3quia Nossa Senhora da Gl\u00f3ria, no Bairro do Balne\u00e1rio, para participar da Santa Missa pelas M\u00e3es. Padre S\u00e9rgio Jos\u00e9 de Souza, ex-aluno salvatoriano, presidiu a Eucaristia, destacando em sua prega\u00e7\u00e3o que [&hellip;]"}