{"version":"1.0","provider_name":"Col\u00e9gio Salvatoriano Nossa Senhora de F\u00e1tima","provider_url":"https:\/\/www.redesalvatoriana.org.br\/fatima\/blog","author_name":"Col\u00e9gio Salvatoriano Nossa Senhora de F\u00e1tima","author_url":"https:\/\/www.redesalvatoriana.org.br\/fatima\/blog\/author\/csns\/","title":"Festa Mexicana - Contraturno - Col\u00e9gio Salvatoriano Nossa Senhora de F\u00e1tima","type":"rich","width":600,"height":338,"html":"<blockquote class=\"wp-embedded-content\"><a href=\"https:\/\/www.redesalvatoriana.org.br\/fatima\/blog\/2021\/05\/24\/festa-mexicana-contraturno\/\">Festa Mexicana &#8211; Contraturno<\/a><\/blockquote>\n<script type='text\/javascript'>\n<!--\/\/--><![CDATA[\/\/><!--\n\t\t\/*! This file is auto-generated *\/\n\t\t!function(c,d){\"use strict\";var e=!1,n=!1;if(d.querySelector)if(c.addEventListener)e=!0;if(c.wp=c.wp||{},!c.wp.receiveEmbedMessage)if(c.wp.receiveEmbedMessage=function(e){var t=e.data;if(t)if(t.secret||t.message||t.value)if(!\/[^a-zA-Z0-9]\/.test(t.secret)){for(var r,a,i,s=d.querySelectorAll('iframe[data-secret=\"'+t.secret+'\"]'),n=d.querySelectorAll('blockquote[data-secret=\"'+t.secret+'\"]'),o=0;o<n.length;o++)n[o].style.display=\"none\";for(o=0;o<s.length;o++)if(r=s[o],e.source===r.contentWindow){if(r.removeAttribute(\"style\"),\"height\"===t.message){if(1e3<(i=parseInt(t.value,10)))i=1e3;else if(~~i<200)i=200;r.height=i}if(\"link\"===t.message)if(a=d.createElement(\"a\"),i=d.createElement(\"a\"),a.href=r.getAttribute(\"src\"),i.href=t.value,i.host===a.host)if(d.activeElement===r)c.top.location.href=t.value}}},e)c.addEventListener(\"message\",c.wp.receiveEmbedMessage,!1),d.addEventListener(\"DOMContentLoaded\",t,!1),c.addEventListener(\"load\",t,!1);function t(){if(!n){n=!0;for(var e,t,r=-1!==navigator.appVersion.indexOf(\"MSIE 10\"),a=!!navigator.userAgent.match(\/Trident.*rv:11\\.\/),i=d.querySelectorAll(\"iframe.wp-embedded-content\"),s=0;s<i.length;s++){if(!(e=i[s]).getAttribute(\"data-secret\"))t=Math.random().toString(36).substr(2,10),e.src+=\"#?secret=\"+t,e.setAttribute(\"data-secret\",t);if(r||a)(t=e.cloneNode(!0)).removeAttribute(\"security\"),e.parentNode.replaceChild(t,e)}}}}(window,document);\n\/\/--><!]]>\n<\/script><iframe sandbox=\"allow-scripts\" security=\"restricted\" src=\"https:\/\/www.redesalvatoriana.org.br\/fatima\/blog\/2021\/05\/24\/festa-mexicana-contraturno\/embed\/\" width=\"600\" height=\"338\" title=\"&#8220;Festa Mexicana &#8211; Contraturno&#8221; &#8212; Col\u00e9gio Salvatoriano Nossa Senhora de F\u00e1tima\" frameborder=\"0\" marginwidth=\"0\" marginheight=\"0\" scrolling=\"no\" class=\"wp-embedded-content\"><\/iframe>","description":"O Contraturno \u00e9 marcado por muitas descobertas, sempre permeado pelas curiosidades das crian\u00e7as acerca do mundo que as rodeia.\u00a0 \u00a0 Dentro do projeto \u201cUm Mundo ao Nosso Redor\u201d, semanalmente, os estudantes v\u00e3o conhecendo culturas, costumes, culin\u00e1rias, paisagens, idiomas, pontos tur\u00edsticos de alguns pa\u00edses, vivenciando as mais fant\u00e1sticas aventuras e aprendizados.\u00a0 \u00a0 Dessa vez, a viagem [&hellip;]"}